{"version":"1.0","provider_name":"P\u00e1gina10","provider_url":"https:\/\/pagina10.com\/web","author_name":"P\u00e1gina 10","author_url":"https:\/\/pagina10.com\/web\/author\/pdiezadmin\/","title":"En Pasto conductor falleci\u00f3 luego de caer a un lavadero de autos en la v\u00eda Panamericana | P\u00e1gina10","type":"rich","width":600,"height":338,"html":"<blockquote class=\"wp-embedded-content\" data-secret=\"odhakQkWDR\"><a href=\"https:\/\/pagina10.com\/web\/__trashed\/\">En Pasto conductor falleci\u00f3 luego de caer a un lavadero de autos en la v\u00eda Panamericana<\/a><\/blockquote><iframe sandbox=\"allow-scripts\" security=\"restricted\" src=\"https:\/\/pagina10.com\/web\/__trashed\/embed\/#?secret=odhakQkWDR\" width=\"600\" height=\"338\" title=\"\u00abEn Pasto conductor falleci\u00f3 luego de caer a un lavadero de autos en la v\u00eda Panamericana\u00bb \u2014 P\u00e1gina10\" data-secret=\"odhakQkWDR\" frameborder=\"0\" marginwidth=\"0\" marginheight=\"0\" scrolling=\"no\" class=\"wp-embedded-content\"><\/iframe><script>\n\/*! This file is auto-generated *\/\n!function(d,l){\"use strict\";l.querySelector&&d.addEventListener&&\"undefined\"!=typeof URL&&(d.wp=d.wp||{},d.wp.receiveEmbedMessage||(d.wp.receiveEmbedMessage=function(e){var t=e.data;if((t||t.secret||t.message||t.value)&&!\/[^a-zA-Z0-9]\/.test(t.secret)){for(var s,r,n,a=l.querySelectorAll('iframe[data-secret=\"'+t.secret+'\"]'),o=l.querySelectorAll('blockquote[data-secret=\"'+t.secret+'\"]'),c=new RegExp(\"^https?:$\",\"i\"),i=0;i<o.length;i++)o[i].style.display=\"none\";for(i=0;i<a.length;i++)s=a[i],e.source===s.contentWindow&&(s.removeAttribute(\"style\"),\"height\"===t.message?(1e3<(r=parseInt(t.value,10))?r=1e3:~~r<200&&(r=200),s.height=r):\"link\"===t.message&&(r=new URL(s.getAttribute(\"src\")),n=new URL(t.value),c.test(n.protocol))&&n.host===r.host&&l.activeElement===s&&(d.top.location.href=t.value))}},d.addEventListener(\"message\",d.wp.receiveEmbedMessage,!1),l.addEventListener(\"DOMContentLoaded\",function(){for(var e,t,s=l.querySelectorAll(\"iframe.wp-embedded-content\"),r=0;r<s.length;r++)(t=(e=s[r]).getAttribute(\"data-secret\"))||(t=Math.random().toString(36).substring(2,12),e.src+=\"#?secret=\"+t,e.setAttribute(\"data-secret\",t)),e.contentWindow.postMessage({message:\"ready\",secret:t},\"*\")},!1)))}(window,document);\n\/\/# sourceURL=https:\/\/pagina10.com\/web\/wp-includes\/js\/wp-embed.min.js\n<\/script>\n","thumbnail_url":"https:\/\/pagina10.com\/web\/wp-content\/uploads\/2022\/09\/305072637_598453762004293_2659170840025960739_n-e1662429188281.jpg","thumbnail_width":921,"thumbnail_height":716,"description":"El tr\u00e1gico accidente donde falleci\u00f3 Oscar Eduardo Narv\u00e1ez L\u00f3pez de 40 a\u00f1os, quien laboraba como conductor de un veh\u00edculo tipo Piaggio, ocurri\u00f3 la ma\u00f1ana del domingo en el barrio Niza. Seg\u00fan la informaci\u00f3n entregada por las autoridades, el hombre se desplazaba con direcci\u00f3n al barrio Caicedo Alto cuando de repente perdi\u00f3 el control del automotor [&hellip;]"}