{"version":"1.0","provider_name":"P\u00e1gina10","provider_url":"https:\/\/pagina10.com\/web","author_name":"P\u00e1gina 10","author_url":"https:\/\/pagina10.com\/web\/author\/pdiezadmin\/","title":"Asesinan a l\u00edder social en Mag\u00fci Pay\u00e1n | P\u00e1gina10","type":"rich","width":600,"height":338,"html":"<blockquote class=\"wp-embedded-content\" data-secret=\"vd4G8TlKWt\"><a href=\"https:\/\/pagina10.com\/web\/asesinan-a-lider-social-en-magui-payan\/\">Asesinan a l\u00edder social en Mag\u00fci Pay\u00e1n<\/a><\/blockquote><iframe sandbox=\"allow-scripts\" security=\"restricted\" src=\"https:\/\/pagina10.com\/web\/asesinan-a-lider-social-en-magui-payan\/embed\/#?secret=vd4G8TlKWt\" width=\"600\" height=\"338\" title=\"\u00abAsesinan a l\u00edder social en Mag\u00fci Pay\u00e1n\u00bb \u2014 P\u00e1gina10\" data-secret=\"vd4G8TlKWt\" frameborder=\"0\" marginwidth=\"0\" marginheight=\"0\" scrolling=\"no\" class=\"wp-embedded-content\"><\/iframe><script>\n\/*! This file is auto-generated *\/\n!function(d,l){\"use strict\";l.querySelector&&d.addEventListener&&\"undefined\"!=typeof URL&&(d.wp=d.wp||{},d.wp.receiveEmbedMessage||(d.wp.receiveEmbedMessage=function(e){var t=e.data;if((t||t.secret||t.message||t.value)&&!\/[^a-zA-Z0-9]\/.test(t.secret)){for(var s,r,n,a=l.querySelectorAll('iframe[data-secret=\"'+t.secret+'\"]'),o=l.querySelectorAll('blockquote[data-secret=\"'+t.secret+'\"]'),c=new RegExp(\"^https?:$\",\"i\"),i=0;i<o.length;i++)o[i].style.display=\"none\";for(i=0;i<a.length;i++)s=a[i],e.source===s.contentWindow&&(s.removeAttribute(\"style\"),\"height\"===t.message?(1e3<(r=parseInt(t.value,10))?r=1e3:~~r<200&&(r=200),s.height=r):\"link\"===t.message&&(r=new URL(s.getAttribute(\"src\")),n=new URL(t.value),c.test(n.protocol))&&n.host===r.host&&l.activeElement===s&&(d.top.location.href=t.value))}},d.addEventListener(\"message\",d.wp.receiveEmbedMessage,!1),l.addEventListener(\"DOMContentLoaded\",function(){for(var e,t,s=l.querySelectorAll(\"iframe.wp-embedded-content\"),r=0;r<s.length;r++)(t=(e=s[r]).getAttribute(\"data-secret\"))||(t=Math.random().toString(36).substring(2,12),e.src+=\"#?secret=\"+t,e.setAttribute(\"data-secret\",t)),e.contentWindow.postMessage({message:\"ready\",secret:t},\"*\")},!1)))}(window,document);\n\/\/# sourceURL=https:\/\/pagina10.com\/web\/wp-includes\/js\/wp-embed.min.js\n<\/script>\n","thumbnail_url":"https:\/\/pagina10.com\/web\/wp-content\/uploads\/2022\/09\/52F3T6YSBRAGFNUR36RN5SQZ3Y.jpg","thumbnail_width":768,"thumbnail_height":432,"description":"Tras quedar en medio de un enfrentamiento entre grupos armados delincuenciales que operan en la costa pac\u00edfica de Nari\u00f1o, perdi\u00f3 la vida el l\u00edder social Juan Qui\u00f1ones Angulo, quien era uno de los miembros del Consejo Comunitario la Voz de los Negros en el municipio de Mag\u00fci, Pay\u00e1n. Seg\u00fan Indepaz, el dirigente result\u00f3 herido al [&hellip;]"}