{"version":"1.0","provider_name":"P\u00e1gina10","provider_url":"https:\/\/pagina10.com\/web","author_name":"P\u00e1gina 10","author_url":"https:\/\/pagina10.com\/web\/author\/mcepeda\/","title":"Calendarios restricci\u00f3n vehicular 2014 | P\u00e1gina10","type":"rich","width":600,"height":338,"html":"<blockquote class=\"wp-embedded-content\" data-secret=\"un6cWs23i7\"><a href=\"https:\/\/pagina10.com\/web\/calendarios-restriccion-vehicular-2014\/\">Calendarios restricci\u00f3n vehicular 2014<\/a><\/blockquote><iframe sandbox=\"allow-scripts\" security=\"restricted\" src=\"https:\/\/pagina10.com\/web\/calendarios-restriccion-vehicular-2014\/embed\/#?secret=un6cWs23i7\" width=\"600\" height=\"338\" title=\"\u00abCalendarios restricci\u00f3n vehicular 2014\u00bb \u2014 P\u00e1gina10\" data-secret=\"un6cWs23i7\" frameborder=\"0\" marginwidth=\"0\" marginheight=\"0\" scrolling=\"no\" class=\"wp-embedded-content\"><\/iframe><script>\n\/*! This file is auto-generated *\/\n!function(d,l){\"use strict\";l.querySelector&&d.addEventListener&&\"undefined\"!=typeof URL&&(d.wp=d.wp||{},d.wp.receiveEmbedMessage||(d.wp.receiveEmbedMessage=function(e){var t=e.data;if((t||t.secret||t.message||t.value)&&!\/[^a-zA-Z0-9]\/.test(t.secret)){for(var s,r,n,a=l.querySelectorAll('iframe[data-secret=\"'+t.secret+'\"]'),o=l.querySelectorAll('blockquote[data-secret=\"'+t.secret+'\"]'),c=new RegExp(\"^https?:$\",\"i\"),i=0;i<o.length;i++)o[i].style.display=\"none\";for(i=0;i<a.length;i++)s=a[i],e.source===s.contentWindow&&(s.removeAttribute(\"style\"),\"height\"===t.message?(1e3<(r=parseInt(t.value,10))?r=1e3:~~r<200&&(r=200),s.height=r):\"link\"===t.message&&(r=new URL(s.getAttribute(\"src\")),n=new URL(t.value),c.test(n.protocol))&&n.host===r.host&&l.activeElement===s&&(d.top.location.href=t.value))}},d.addEventListener(\"message\",d.wp.receiveEmbedMessage,!1),l.addEventListener(\"DOMContentLoaded\",function(){for(var e,t,s=l.querySelectorAll(\"iframe.wp-embedded-content\"),r=0;r<s.length;r++)(t=(e=s[r]).getAttribute(\"data-secret\"))||(t=Math.random().toString(36).substring(2,12),e.src+=\"#?secret=\"+t,e.setAttribute(\"data-secret\",t)),e.contentWindow.postMessage({message:\"ready\",secret:t},\"*\")},!1)))}(window,document);\n\/\/# sourceURL=https:\/\/pagina10.com\/web\/wp-includes\/js\/wp-embed.min.js\n<\/script>\n","thumbnail_url":"https:\/\/pagina10.com\/web\/wp-content\/uploads\/2014\/01\/89bb3d37c75a1980fa425c8a066ec2db.jpg","thumbnail_width":657,"thumbnail_height":960,"description":"El secretario de Tr\u00e1nsito de Pasto, Guillermo Villota G\u00f3mez, inform\u00f3 que se realizar\u00e1 la entrega de 30 mil calendarios con la restricci\u00f3n vehicular los cuales ser\u00e1n distribuidos entre la comunidad. La entrega de los calendarios para el a\u00f1o 2014 se empez\u00f3 a realizar a finales de 2013. 15 mil de ellos fueron repartidos durante el [&hellip;]"}