{"version":"1.0","provider_name":"P\u00e1gina10","provider_url":"https:\/\/pagina10.com\/web","author_name":"P\u00e1gina 10","author_url":"https:\/\/pagina10.com\/web\/author\/pdiezadmin\/","title":"Deportivo Pasto oficializ\u00f3 a dos nuevos refuerzos | P\u00e1gina10","type":"rich","width":600,"height":338,"html":"<blockquote class=\"wp-embedded-content\" data-secret=\"YsmxhXjPZO\"><a href=\"https:\/\/pagina10.com\/web\/deportivo-pasto-oficializo-a-dos-nuevos-refuerzos\/\">Deportivo Pasto oficializ\u00f3 a dos nuevos refuerzos<\/a><\/blockquote><iframe sandbox=\"allow-scripts\" security=\"restricted\" src=\"https:\/\/pagina10.com\/web\/deportivo-pasto-oficializo-a-dos-nuevos-refuerzos\/embed\/#?secret=YsmxhXjPZO\" width=\"600\" height=\"338\" title=\"\u00abDeportivo Pasto oficializ\u00f3 a dos nuevos refuerzos\u00bb \u2014 P\u00e1gina10\" data-secret=\"YsmxhXjPZO\" frameborder=\"0\" marginwidth=\"0\" marginheight=\"0\" scrolling=\"no\" class=\"wp-embedded-content\"><\/iframe><script>\n\/*! This file is auto-generated *\/\n!function(d,l){\"use strict\";l.querySelector&&d.addEventListener&&\"undefined\"!=typeof URL&&(d.wp=d.wp||{},d.wp.receiveEmbedMessage||(d.wp.receiveEmbedMessage=function(e){var t=e.data;if((t||t.secret||t.message||t.value)&&!\/[^a-zA-Z0-9]\/.test(t.secret)){for(var s,r,n,a=l.querySelectorAll('iframe[data-secret=\"'+t.secret+'\"]'),o=l.querySelectorAll('blockquote[data-secret=\"'+t.secret+'\"]'),c=new RegExp(\"^https?:$\",\"i\"),i=0;i<o.length;i++)o[i].style.display=\"none\";for(i=0;i<a.length;i++)s=a[i],e.source===s.contentWindow&&(s.removeAttribute(\"style\"),\"height\"===t.message?(1e3<(r=parseInt(t.value,10))?r=1e3:~~r<200&&(r=200),s.height=r):\"link\"===t.message&&(r=new URL(s.getAttribute(\"src\")),n=new URL(t.value),c.test(n.protocol))&&n.host===r.host&&l.activeElement===s&&(d.top.location.href=t.value))}},d.addEventListener(\"message\",d.wp.receiveEmbedMessage,!1),l.addEventListener(\"DOMContentLoaded\",function(){for(var e,t,s=l.querySelectorAll(\"iframe.wp-embedded-content\"),r=0;r<s.length;r++)(t=(e=s[r]).getAttribute(\"data-secret\"))||(t=Math.random().toString(36).substring(2,12),e.src+=\"#?secret=\"+t,e.setAttribute(\"data-secret\",t)),e.contentWindow.postMessage({message:\"ready\",secret:t},\"*\")},!1)))}(window,document);\n\/\/# sourceURL=https:\/\/pagina10.com\/web\/wp-includes\/js\/wp-embed.min.js\n<\/script>\n","thumbnail_url":"https:\/\/pagina10.com\/web\/wp-content\/uploads\/2023\/02\/Sin-titulo-1-01-1024x623.jpg","thumbnail_width":1024,"thumbnail_height":623,"description":"El primero corresponde al lateral izquierdo Christian Camilo Mafla Rebell\u00f3n, nacido el 15 de enero de 1993 en Palmira, Valle. Con 30 a\u00f1os ha militado en el f\u00fatbol colombiano en escuadras como Atl\u00e9tico Nacional, Am\u00e9rica de Cali, Deportivo Cali, Atl\u00e9tico Bucaramanga, Boyac\u00e1 Chic\u00f3, entre otros, mientras que en el f\u00fatbol del exterior pas\u00f3 por clubes [&hellip;]"}