{"version":"1.0","provider_name":"P\u00e1gina10","provider_url":"https:\/\/pagina10.com\/web","author_name":"P\u00e1gina 10","author_url":"https:\/\/pagina10.com\/web\/author\/pdiezadmin\/","title":"Empleados p\u00fablicos recibir\u00e1n prima anticipada | P\u00e1gina10","type":"rich","width":600,"height":338,"html":"<blockquote class=\"wp-embedded-content\" data-secret=\"qYP8ALs6UD\"><a href=\"https:\/\/pagina10.com\/web\/empleados-publicos-recibiran-prima-anticipada\/\">Empleados p\u00fablicos recibir\u00e1n prima anticipada<\/a><\/blockquote><iframe sandbox=\"allow-scripts\" security=\"restricted\" src=\"https:\/\/pagina10.com\/web\/empleados-publicos-recibiran-prima-anticipada\/embed\/#?secret=qYP8ALs6UD\" width=\"600\" height=\"338\" title=\"\u00abEmpleados p\u00fablicos recibir\u00e1n prima anticipada\u00bb \u2014 P\u00e1gina10\" data-secret=\"qYP8ALs6UD\" frameborder=\"0\" marginwidth=\"0\" marginheight=\"0\" scrolling=\"no\" class=\"wp-embedded-content\"><\/iframe><script>\n\/*! This file is auto-generated *\/\n!function(d,l){\"use strict\";l.querySelector&&d.addEventListener&&\"undefined\"!=typeof URL&&(d.wp=d.wp||{},d.wp.receiveEmbedMessage||(d.wp.receiveEmbedMessage=function(e){var t=e.data;if((t||t.secret||t.message||t.value)&&!\/[^a-zA-Z0-9]\/.test(t.secret)){for(var s,r,n,a=l.querySelectorAll('iframe[data-secret=\"'+t.secret+'\"]'),o=l.querySelectorAll('blockquote[data-secret=\"'+t.secret+'\"]'),c=new RegExp(\"^https?:$\",\"i\"),i=0;i<o.length;i++)o[i].style.display=\"none\";for(i=0;i<a.length;i++)s=a[i],e.source===s.contentWindow&&(s.removeAttribute(\"style\"),\"height\"===t.message?(1e3<(r=parseInt(t.value,10))?r=1e3:~~r<200&&(r=200),s.height=r):\"link\"===t.message&&(r=new URL(s.getAttribute(\"src\")),n=new URL(t.value),c.test(n.protocol))&&n.host===r.host&&l.activeElement===s&&(d.top.location.href=t.value))}},d.addEventListener(\"message\",d.wp.receiveEmbedMessage,!1),l.addEventListener(\"DOMContentLoaded\",function(){for(var e,t,s=l.querySelectorAll(\"iframe.wp-embedded-content\"),r=0;r<s.length;r++)(t=(e=s[r]).getAttribute(\"data-secret\"))||(t=Math.random().toString(36).substring(2,12),e.src+=\"#?secret=\"+t,e.setAttribute(\"data-secret\",t)),e.contentWindow.postMessage({message:\"ready\",secret:t},\"*\")},!1)))}(window,document);\n\/\/# sourceURL=https:\/\/pagina10.com\/web\/wp-includes\/js\/wp-embed.min.js\n<\/script>\n","thumbnail_url":"https:\/\/pagina10.com\/web\/wp-content\/uploads\/2021\/11\/5cbf6e0fc793c.r_1608252727854.0-942-2625-2245.jpeg","thumbnail_width":640,"thumbnail_height":428,"description":"El pago de prima de navidad para la vigencia fiscal del 2021 se le adelantar\u00e1 a por lo menos a 600 mil servidores del orden nacional este mes de diciembre, el decreto que emiti\u00f3 Funci\u00f3n P\u00fablica ya fue firmado por el ministro de Hacienda, previa aprobaci\u00f3n del presidente Iv\u00e1n Duque. Beneficia a m\u00e1s de 600.000 [&hellip;]"}