{"version":"1.0","provider_name":"P\u00e1gina10","provider_url":"https:\/\/pagina10.com\/web","author_name":"P\u00e1gina 10","author_url":"https:\/\/pagina10.com\/web\/author\/pdiezadmin\/","title":"En Tumaco, familias desplazadas retornan a su territorio. | P\u00e1gina10","type":"rich","width":600,"height":338,"html":"<blockquote class=\"wp-embedded-content\" data-secret=\"JHx3XNIPtG\"><a href=\"https:\/\/pagina10.com\/web\/en-tumaco-familias-desplazadas-retornan-a-su-territorio\/\">En Tumaco, familias desplazadas retornan a su territorio.<\/a><\/blockquote><iframe sandbox=\"allow-scripts\" security=\"restricted\" src=\"https:\/\/pagina10.com\/web\/en-tumaco-familias-desplazadas-retornan-a-su-territorio\/embed\/#?secret=JHx3XNIPtG\" width=\"600\" height=\"338\" title=\"\u00abEn Tumaco, familias desplazadas retornan a su territorio.\u00bb \u2014 P\u00e1gina10\" data-secret=\"JHx3XNIPtG\" frameborder=\"0\" marginwidth=\"0\" marginheight=\"0\" scrolling=\"no\" class=\"wp-embedded-content\"><\/iframe><script>\n\/*! This file is auto-generated *\/\n!function(d,l){\"use strict\";l.querySelector&&d.addEventListener&&\"undefined\"!=typeof URL&&(d.wp=d.wp||{},d.wp.receiveEmbedMessage||(d.wp.receiveEmbedMessage=function(e){var t=e.data;if((t||t.secret||t.message||t.value)&&!\/[^a-zA-Z0-9]\/.test(t.secret)){for(var s,r,n,a=l.querySelectorAll('iframe[data-secret=\"'+t.secret+'\"]'),o=l.querySelectorAll('blockquote[data-secret=\"'+t.secret+'\"]'),c=new RegExp(\"^https?:$\",\"i\"),i=0;i<o.length;i++)o[i].style.display=\"none\";for(i=0;i<a.length;i++)s=a[i],e.source===s.contentWindow&&(s.removeAttribute(\"style\"),\"height\"===t.message?(1e3<(r=parseInt(t.value,10))?r=1e3:~~r<200&&(r=200),s.height=r):\"link\"===t.message&&(r=new URL(s.getAttribute(\"src\")),n=new URL(t.value),c.test(n.protocol))&&n.host===r.host&&l.activeElement===s&&(d.top.location.href=t.value))}},d.addEventListener(\"message\",d.wp.receiveEmbedMessage,!1),l.addEventListener(\"DOMContentLoaded\",function(){for(var e,t,s=l.querySelectorAll(\"iframe.wp-embedded-content\"),r=0;r<s.length;r++)(t=(e=s[r]).getAttribute(\"data-secret\"))||(t=Math.random().toString(36).substring(2,12),e.src+=\"#?secret=\"+t,e.setAttribute(\"data-secret\",t)),e.contentWindow.postMessage({message:\"ready\",secret:t},\"*\")},!1)))}(window,document);\n\/\/# sourceURL=https:\/\/pagina10.com\/web\/wp-includes\/js\/wp-embed.min.js\n<\/script>\n","thumbnail_url":"https:\/\/pagina10.com\/web\/wp-content\/uploads\/2020\/01\/Captura-de-Pantalla-2020-01-24-a-las-5.24.40-p.-m..png","thumbnail_width":747,"thumbnail_height":421,"description":"A las 10:00 pm de ayer el comit\u00e9 de justicia transicional en cabeza de la Alcaldesa Distrital de Tumaco, Mar\u00eda Emilsen Angulo Guevara, dio por terminado el plan retorno de las m\u00e1s de 1000 familias desplazadas de 26 de las 29 veredas del r\u00edo Chag\u00fc\u00ed. Hoy transcurre en completa normalidad el desplazamiento a sus territorios. [&hellip;]"}