{"version":"1.0","provider_name":"P\u00e1gina10","provider_url":"https:\/\/pagina10.com\/web","author_name":"P\u00e1gina 10","author_url":"https:\/\/pagina10.com\/web\/author\/pdiezadmin\/","title":"Excandidato presidencial Rodolfo Hern\u00e1ndez renunci\u00f3 al Senado | P\u00e1gina10","type":"rich","width":600,"height":338,"html":"<blockquote class=\"wp-embedded-content\" data-secret=\"loEQyMbEeM\"><a href=\"https:\/\/pagina10.com\/web\/excandidato-presidencial-rodolfo-hernandez-renuncio-al-senado\/\">Excandidato presidencial Rodolfo Hern\u00e1ndez renunci\u00f3 al Senado<\/a><\/blockquote><iframe sandbox=\"allow-scripts\" security=\"restricted\" src=\"https:\/\/pagina10.com\/web\/excandidato-presidencial-rodolfo-hernandez-renuncio-al-senado\/embed\/#?secret=loEQyMbEeM\" width=\"600\" height=\"338\" title=\"\u00abExcandidato presidencial Rodolfo Hern\u00e1ndez renunci\u00f3 al Senado\u00bb \u2014 P\u00e1gina10\" data-secret=\"loEQyMbEeM\" frameborder=\"0\" marginwidth=\"0\" marginheight=\"0\" scrolling=\"no\" class=\"wp-embedded-content\"><\/iframe><script>\n\/*! This file is auto-generated *\/\n!function(d,l){\"use strict\";l.querySelector&&d.addEventListener&&\"undefined\"!=typeof URL&&(d.wp=d.wp||{},d.wp.receiveEmbedMessage||(d.wp.receiveEmbedMessage=function(e){var t=e.data;if((t||t.secret||t.message||t.value)&&!\/[^a-zA-Z0-9]\/.test(t.secret)){for(var s,r,n,a=l.querySelectorAll('iframe[data-secret=\"'+t.secret+'\"]'),o=l.querySelectorAll('blockquote[data-secret=\"'+t.secret+'\"]'),c=new RegExp(\"^https?:$\",\"i\"),i=0;i<o.length;i++)o[i].style.display=\"none\";for(i=0;i<a.length;i++)s=a[i],e.source===s.contentWindow&&(s.removeAttribute(\"style\"),\"height\"===t.message?(1e3<(r=parseInt(t.value,10))?r=1e3:~~r<200&&(r=200),s.height=r):\"link\"===t.message&&(r=new URL(s.getAttribute(\"src\")),n=new URL(t.value),c.test(n.protocol))&&n.host===r.host&&l.activeElement===s&&(d.top.location.href=t.value))}},d.addEventListener(\"message\",d.wp.receiveEmbedMessage,!1),l.addEventListener(\"DOMContentLoaded\",function(){for(var e,t,s=l.querySelectorAll(\"iframe.wp-embedded-content\"),r=0;r<s.length;r++)(t=(e=s[r]).getAttribute(\"data-secret\"))||(t=Math.random().toString(36).substring(2,12),e.src+=\"#?secret=\"+t,e.setAttribute(\"data-secret\",t)),e.contentWindow.postMessage({message:\"ready\",secret:t},\"*\")},!1)))}(window,document);\n\/\/# sourceURL=https:\/\/pagina10.com\/web\/wp-includes\/js\/wp-embed.min.js\n<\/script>\n","thumbnail_url":"https:\/\/pagina10.com\/web\/wp-content\/uploads\/2022\/09\/1653858863_020899_1653858863_noticia_normal.jpg","thumbnail_width":1080,"thumbnail_height":625,"description":"El excandidato a la Presidencia de la Rep\u00fablica obtuvo su curul en el Senado luego de sumar m\u00e1s de 10 millones de votos en las pasadas elecciones donde compiti\u00f3 con el mandatario Gustavo Petro. Su decisi\u00f3n de renunciar al Congreso est\u00e1 relacionada con una aspiraci\u00f3n a la Gobernaci\u00f3n de Santander o a la Alcald\u00eda de [&hellip;]"}