{"version":"1.0","provider_name":"P\u00e1gina10","provider_url":"https:\/\/pagina10.com\/web","author_name":"P\u00e1gina 10","author_url":"https:\/\/pagina10.com\/web\/author\/pdiezadmin\/","title":"Gilberto Tob\u00f3n San\u00edn se lanza al Senado. | P\u00e1gina10","type":"rich","width":600,"height":338,"html":"<blockquote class=\"wp-embedded-content\" data-secret=\"zo2ByE550x\"><a href=\"https:\/\/pagina10.com\/web\/gilberto-tobon-sanin-se-lanza-al-senado\/\">Gilberto Tob\u00f3n San\u00edn se lanza al Senado.<\/a><\/blockquote><iframe sandbox=\"allow-scripts\" security=\"restricted\" src=\"https:\/\/pagina10.com\/web\/gilberto-tobon-sanin-se-lanza-al-senado\/embed\/#?secret=zo2ByE550x\" width=\"600\" height=\"338\" title=\"\u00abGilberto Tob\u00f3n San\u00edn se lanza al Senado.\u00bb \u2014 P\u00e1gina10\" data-secret=\"zo2ByE550x\" frameborder=\"0\" marginwidth=\"0\" marginheight=\"0\" scrolling=\"no\" class=\"wp-embedded-content\"><\/iframe><script>\n\/*! This file is auto-generated *\/\n!function(d,l){\"use strict\";l.querySelector&&d.addEventListener&&\"undefined\"!=typeof URL&&(d.wp=d.wp||{},d.wp.receiveEmbedMessage||(d.wp.receiveEmbedMessage=function(e){var t=e.data;if((t||t.secret||t.message||t.value)&&!\/[^a-zA-Z0-9]\/.test(t.secret)){for(var s,r,n,a=l.querySelectorAll('iframe[data-secret=\"'+t.secret+'\"]'),o=l.querySelectorAll('blockquote[data-secret=\"'+t.secret+'\"]'),c=new RegExp(\"^https?:$\",\"i\"),i=0;i<o.length;i++)o[i].style.display=\"none\";for(i=0;i<a.length;i++)s=a[i],e.source===s.contentWindow&&(s.removeAttribute(\"style\"),\"height\"===t.message?(1e3<(r=parseInt(t.value,10))?r=1e3:~~r<200&&(r=200),s.height=r):\"link\"===t.message&&(r=new URL(s.getAttribute(\"src\")),n=new URL(t.value),c.test(n.protocol))&&n.host===r.host&&l.activeElement===s&&(d.top.location.href=t.value))}},d.addEventListener(\"message\",d.wp.receiveEmbedMessage,!1),l.addEventListener(\"DOMContentLoaded\",function(){for(var e,t,s=l.querySelectorAll(\"iframe.wp-embedded-content\"),r=0;r<s.length;r++)(t=(e=s[r]).getAttribute(\"data-secret\"))||(t=Math.random().toString(36).substring(2,12),e.src+=\"#?secret=\"+t,e.setAttribute(\"data-secret\",t)),e.contentWindow.postMessage({message:\"ready\",secret:t},\"*\")},!1)))}(window,document);\n\/\/# sourceURL=https:\/\/pagina10.com\/web\/wp-includes\/js\/wp-embed.min.js\n<\/script>\n","thumbnail_url":"https:\/\/pagina10.com\/web\/wp-content\/uploads\/2021\/03\/pHpqNkrS_400x400.jpg","thumbnail_width":400,"thumbnail_height":400,"description":"El doctor y profesor de la Universidad Nacional, Gilberto Tob\u00f3n San\u00edn, anunci\u00f3 hoy su decisi\u00f3n de participar como candidato al Senado en los comicios electorales del pr\u00f3ximo a\u00f1o. Por medio de cuenta de Twitter, Tob\u00f3n San\u00edn, manifest\u00f3 \u201cEn mis 72 a\u00f1os nunca pens\u00e9 participar en pol\u00edtica, pero la circunstancia actual no me permite ser indiferente. [&hellip;]"}