{"version":"1.0","provider_name":"P\u00e1gina10","provider_url":"https:\/\/pagina10.com\/web","author_name":"P\u00e1gina 10","author_url":"https:\/\/pagina10.com\/web\/author\/mcepeda\/","title":"Harold Guerrero L\u00f3pez, sexto mejor alcalde de Colombia | P\u00e1gina10","type":"rich","width":600,"height":338,"html":"<blockquote class=\"wp-embedded-content\" data-secret=\"5OyIAD9uIF\"><a href=\"https:\/\/pagina10.com\/web\/harold-guerrero-lopez-sexto-mejor-alcalde-de-colombia\/\">Harold Guerrero L\u00f3pez, sexto mejor alcalde de Colombia<\/a><\/blockquote><iframe sandbox=\"allow-scripts\" security=\"restricted\" src=\"https:\/\/pagina10.com\/web\/harold-guerrero-lopez-sexto-mejor-alcalde-de-colombia\/embed\/#?secret=5OyIAD9uIF\" width=\"600\" height=\"338\" title=\"\u00abHarold Guerrero L\u00f3pez, sexto mejor alcalde de Colombia\u00bb \u2014 P\u00e1gina10\" data-secret=\"5OyIAD9uIF\" frameborder=\"0\" marginwidth=\"0\" marginheight=\"0\" scrolling=\"no\" class=\"wp-embedded-content\"><\/iframe><script>\n\/*! This file is auto-generated *\/\n!function(d,l){\"use strict\";l.querySelector&&d.addEventListener&&\"undefined\"!=typeof URL&&(d.wp=d.wp||{},d.wp.receiveEmbedMessage||(d.wp.receiveEmbedMessage=function(e){var t=e.data;if((t||t.secret||t.message||t.value)&&!\/[^a-zA-Z0-9]\/.test(t.secret)){for(var s,r,n,a=l.querySelectorAll('iframe[data-secret=\"'+t.secret+'\"]'),o=l.querySelectorAll('blockquote[data-secret=\"'+t.secret+'\"]'),c=new RegExp(\"^https?:$\",\"i\"),i=0;i<o.length;i++)o[i].style.display=\"none\";for(i=0;i<a.length;i++)s=a[i],e.source===s.contentWindow&&(s.removeAttribute(\"style\"),\"height\"===t.message?(1e3<(r=parseInt(t.value,10))?r=1e3:~~r<200&&(r=200),s.height=r):\"link\"===t.message&&(r=new URL(s.getAttribute(\"src\")),n=new URL(t.value),c.test(n.protocol))&&n.host===r.host&&l.activeElement===s&&(d.top.location.href=t.value))}},d.addEventListener(\"message\",d.wp.receiveEmbedMessage,!1),l.addEventListener(\"DOMContentLoaded\",function(){for(var e,t,s=l.querySelectorAll(\"iframe.wp-embedded-content\"),r=0;r<s.length;r++)(t=(e=s[r]).getAttribute(\"data-secret\"))||(t=Math.random().toString(36).substring(2,12),e.src+=\"#?secret=\"+t,e.setAttribute(\"data-secret\",t)),e.contentWindow.postMessage({message:\"ready\",secret:t},\"*\")},!1)))}(window,document);\n\/\/# sourceURL=https:\/\/pagina10.com\/web\/wp-includes\/js\/wp-embed.min.js\n<\/script>\n","thumbnail_url":"https:\/\/pagina10.com\/web\/wp-content\/uploads\/2014\/10\/bc235e3b996fb45b401bdb50827df5a7.jpg","thumbnail_width":960,"thumbnail_height":643,"description":"Con un 68% por ciento de favorabilidad, el alcalde de Pasto Harold Guerrero L\u00f3pez se ubic\u00f3 en el sexto puesto en imagen positiva entre los 32 mandatarios del pa\u00eds, con base en la reciente encuesta revelada por el noticiero CM&amp; y aplicada por el Centro Nacional de Consultor\u00eda en el mes de septiembre. &nbsp; La [&hellip;]"}