{"version":"1.0","provider_name":"P\u00e1gina10","provider_url":"https:\/\/pagina10.com\/web","author_name":"P\u00e1gina 10","author_url":"https:\/\/pagina10.com\/web\/author\/mcepeda\/","title":"J\u00f3venes nari\u00f1enses participan de proyectos de inclusi\u00f3n social | P\u00e1gina10","type":"rich","width":600,"height":338,"html":"<blockquote class=\"wp-embedded-content\" data-secret=\"s2XwbtEB6F\"><a href=\"https:\/\/pagina10.com\/web\/jovenes-narinenses-participan-de-proyectos-de-inclusion-social\/\">J\u00f3venes nari\u00f1enses participan de proyectos de inclusi\u00f3n social<\/a><\/blockquote><iframe sandbox=\"allow-scripts\" security=\"restricted\" src=\"https:\/\/pagina10.com\/web\/jovenes-narinenses-participan-de-proyectos-de-inclusion-social\/embed\/#?secret=s2XwbtEB6F\" width=\"600\" height=\"338\" title=\"\u00abJ\u00f3venes nari\u00f1enses participan de proyectos de inclusi\u00f3n social\u00bb \u2014 P\u00e1gina10\" data-secret=\"s2XwbtEB6F\" frameborder=\"0\" marginwidth=\"0\" marginheight=\"0\" scrolling=\"no\" class=\"wp-embedded-content\"><\/iframe><script>\n\/*! This file is auto-generated *\/\n!function(d,l){\"use strict\";l.querySelector&&d.addEventListener&&\"undefined\"!=typeof URL&&(d.wp=d.wp||{},d.wp.receiveEmbedMessage||(d.wp.receiveEmbedMessage=function(e){var t=e.data;if((t||t.secret||t.message||t.value)&&!\/[^a-zA-Z0-9]\/.test(t.secret)){for(var s,r,n,a=l.querySelectorAll('iframe[data-secret=\"'+t.secret+'\"]'),o=l.querySelectorAll('blockquote[data-secret=\"'+t.secret+'\"]'),c=new RegExp(\"^https?:$\",\"i\"),i=0;i<o.length;i++)o[i].style.display=\"none\";for(i=0;i<a.length;i++)s=a[i],e.source===s.contentWindow&&(s.removeAttribute(\"style\"),\"height\"===t.message?(1e3<(r=parseInt(t.value,10))?r=1e3:~~r<200&&(r=200),s.height=r):\"link\"===t.message&&(r=new URL(s.getAttribute(\"src\")),n=new URL(t.value),c.test(n.protocol))&&n.host===r.host&&l.activeElement===s&&(d.top.location.href=t.value))}},d.addEventListener(\"message\",d.wp.receiveEmbedMessage,!1),l.addEventListener(\"DOMContentLoaded\",function(){for(var e,t,s=l.querySelectorAll(\"iframe.wp-embedded-content\"),r=0;r<s.length;r++)(t=(e=s[r]).getAttribute(\"data-secret\"))||(t=Math.random().toString(36).substring(2,12),e.src+=\"#?secret=\"+t,e.setAttribute(\"data-secret\",t)),e.contentWindow.postMessage({message:\"ready\",secret:t},\"*\")},!1)))}(window,document);\n\/\/# sourceURL=https:\/\/pagina10.com\/web\/wp-includes\/js\/wp-embed.min.js\n<\/script>\n","thumbnail_url":"https:\/\/pagina10.com\/web\/wp-content\/uploads\/2015\/08\/814dd1e16d46bdaad41121e033076ac3.jpg","thumbnail_width":960,"thumbnail_height":720,"description":"J\u00f3venes y adolescentes participan de proyectos de inclusi\u00f3n social liderados por la secretaria de Equidad y Genero del departamento. El 12 de agosto se realizar\u00e1 en todo el mundo un reconocimiento al trabajo que actualmente desempe\u00f1an los j\u00f3venes en todas las esferas sociales.Para la Gobernaci\u00f3n de Nari\u00f1o este sector poblacional es de gran importancia por [&hellip;]"}