{"version":"1.0","provider_name":"P\u00e1gina10","provider_url":"https:\/\/pagina10.com\/web","author_name":"Enrique Herrera","author_url":"https:\/\/pagina10.com\/web\/author\/eherrera\/","title":"La derrota de Obando en huilquipamba | P\u00e1gina10","type":"rich","width":600,"height":338,"html":"<blockquote class=\"wp-embedded-content\" data-secret=\"SkLe0qPO6w\"><a href=\"https:\/\/pagina10.com\/web\/la-derrota-de-obando-en-huilquipamba\/\">La derrota de Obando en huilquipamba<\/a><\/blockquote><iframe sandbox=\"allow-scripts\" security=\"restricted\" src=\"https:\/\/pagina10.com\/web\/la-derrota-de-obando-en-huilquipamba\/embed\/#?secret=SkLe0qPO6w\" width=\"600\" height=\"338\" title=\"\u00abLa derrota de Obando en huilquipamba\u00bb \u2014 P\u00e1gina10\" data-secret=\"SkLe0qPO6w\" frameborder=\"0\" marginwidth=\"0\" marginheight=\"0\" scrolling=\"no\" class=\"wp-embedded-content\"><\/iframe><script>\n\/*! This file is auto-generated *\/\n!function(d,l){\"use strict\";l.querySelector&&d.addEventListener&&\"undefined\"!=typeof URL&&(d.wp=d.wp||{},d.wp.receiveEmbedMessage||(d.wp.receiveEmbedMessage=function(e){var t=e.data;if((t||t.secret||t.message||t.value)&&!\/[^a-zA-Z0-9]\/.test(t.secret)){for(var s,r,n,a=l.querySelectorAll('iframe[data-secret=\"'+t.secret+'\"]'),o=l.querySelectorAll('blockquote[data-secret=\"'+t.secret+'\"]'),c=new RegExp(\"^https?:$\",\"i\"),i=0;i<o.length;i++)o[i].style.display=\"none\";for(i=0;i<a.length;i++)s=a[i],e.source===s.contentWindow&&(s.removeAttribute(\"style\"),\"height\"===t.message?(1e3<(r=parseInt(t.value,10))?r=1e3:~~r<200&&(r=200),s.height=r):\"link\"===t.message&&(r=new URL(s.getAttribute(\"src\")),n=new URL(t.value),c.test(n.protocol))&&n.host===r.host&&l.activeElement===s&&(d.top.location.href=t.value))}},d.addEventListener(\"message\",d.wp.receiveEmbedMessage,!1),l.addEventListener(\"DOMContentLoaded\",function(){for(var e,t,s=l.querySelectorAll(\"iframe.wp-embedded-content\"),r=0;r<s.length;r++)(t=(e=s[r]).getAttribute(\"data-secret\"))||(t=Math.random().toString(36).substring(2,12),e.src+=\"#?secret=\"+t,e.setAttribute(\"data-secret\",t)),e.contentWindow.postMessage({message:\"ready\",secret:t},\"*\")},!1)))}(window,document);\n\/\/# sourceURL=https:\/\/pagina10.com\/web\/wp-includes\/js\/wp-embed.min.js\n<\/script>\n","thumbnail_url":"https:\/\/pagina10.com\/web\/wp-content\/uploads\/2014\/10\/bdb8ac72cccb94d1b6b2cb478b898eae.jpg","thumbnail_width":489,"thumbnail_height":311,"description":"&nbsp; El a\u00f1o de 1830 es crucial para la historia en general de la que algunos historiadores denominan la Gran Colombia. El general Jos\u00e9 Antonio P\u00e1ez propiciaba la separaci\u00f3n del Estado de Venezuela en tanto el tambi\u00e9n general venezolano Juan Jos\u00e9 Flores lo hac\u00eda con Ecuador. Respecto a Venezuela, el historiador Jos\u00e9 Manuel Restrepo afirma [&hellip;]"}