{"version":"1.0","provider_name":"P\u00e1gina10","provider_url":"https:\/\/pagina10.com\/web","author_name":"Alejandro Garc\u00eda G\u00f3mez","author_url":"https:\/\/pagina10.com\/web\/author\/agarcia\/","title":"MEN busca j\u00f3venes para ejercer la docencia | P\u00e1gina10","type":"rich","width":600,"height":338,"html":"<blockquote class=\"wp-embedded-content\" data-secret=\"ZEGOcFHciI\"><a href=\"https:\/\/pagina10.com\/web\/men-busca-jovenes-para-ejercer-la-docencia\/\">MEN busca j\u00f3venes para ejercer la docencia<\/a><\/blockquote><iframe sandbox=\"allow-scripts\" security=\"restricted\" src=\"https:\/\/pagina10.com\/web\/men-busca-jovenes-para-ejercer-la-docencia\/embed\/#?secret=ZEGOcFHciI\" width=\"600\" height=\"338\" title=\"\u00abMEN busca j\u00f3venes para ejercer la docencia\u00bb \u2014 P\u00e1gina10\" data-secret=\"ZEGOcFHciI\" frameborder=\"0\" marginwidth=\"0\" marginheight=\"0\" scrolling=\"no\" class=\"wp-embedded-content\"><\/iframe><script>\n\/*! This file is auto-generated *\/\n!function(d,l){\"use strict\";l.querySelector&&d.addEventListener&&\"undefined\"!=typeof URL&&(d.wp=d.wp||{},d.wp.receiveEmbedMessage||(d.wp.receiveEmbedMessage=function(e){var t=e.data;if((t||t.secret||t.message||t.value)&&!\/[^a-zA-Z0-9]\/.test(t.secret)){for(var s,r,n,a=l.querySelectorAll('iframe[data-secret=\"'+t.secret+'\"]'),o=l.querySelectorAll('blockquote[data-secret=\"'+t.secret+'\"]'),c=new RegExp(\"^https?:$\",\"i\"),i=0;i<o.length;i++)o[i].style.display=\"none\";for(i=0;i<a.length;i++)s=a[i],e.source===s.contentWindow&&(s.removeAttribute(\"style\"),\"height\"===t.message?(1e3<(r=parseInt(t.value,10))?r=1e3:~~r<200&&(r=200),s.height=r):\"link\"===t.message&&(r=new URL(s.getAttribute(\"src\")),n=new URL(t.value),c.test(n.protocol))&&n.host===r.host&&l.activeElement===s&&(d.top.location.href=t.value))}},d.addEventListener(\"message\",d.wp.receiveEmbedMessage,!1),l.addEventListener(\"DOMContentLoaded\",function(){for(var e,t,s=l.querySelectorAll(\"iframe.wp-embedded-content\"),r=0;r<s.length;r++)(t=(e=s[r]).getAttribute(\"data-secret\"))||(t=Math.random().toString(36).substring(2,12),e.src+=\"#?secret=\"+t,e.setAttribute(\"data-secret\",t)),e.contentWindow.postMessage({message:\"ready\",secret:t},\"*\")},!1)))}(window,document);\n\/\/# sourceURL=https:\/\/pagina10.com\/web\/wp-includes\/js\/wp-embed.min.js\n<\/script>\n","thumbnail_url":"https:\/\/pagina10.com\/web\/wp-content\/uploads\/2015\/08\/be01885149a7f31a5fe0ae1d3a8e99b5.jpg","thumbnail_width":310,"thumbnail_height":195,"description":"La mineducaci\u00f3n Gina Parody pretende ahora extender el programa \u201cSer pilo paga\u201d a captar j\u00f3venes para ejercer la docencia. El decano de educaci\u00f3n UdeA Carlos Soto hace un an\u00e1lisis de \u00e9l (EL MUNDO, 04.VIII.15) y, en el espacio que permite una columna period\u00edstica, le encuentra algunas inconsistencias, en las que se muestra generoso quiz\u00e1. Se [&hellip;]"}