{"version":"1.0","provider_name":"P\u00e1gina10","provider_url":"https:\/\/pagina10.com\/web","author_name":"Pablo Emilio Obando Acosta","author_url":"https:\/\/pagina10.com\/web\/author\/pobando\/","title":"\u00bfPacto hist\u00f3rico vs. Colombia Humana en Nari\u00f1o? | P\u00e1gina10","type":"rich","width":600,"height":338,"html":"<blockquote class=\"wp-embedded-content\" data-secret=\"8dAmOUfQb8\"><a href=\"https:\/\/pagina10.com\/web\/pacto-historico-vs-colombia-humana-en-narino\/\">\u00bfPacto hist\u00f3rico vs. Colombia Humana en Nari\u00f1o?<\/a><\/blockquote><iframe sandbox=\"allow-scripts\" security=\"restricted\" src=\"https:\/\/pagina10.com\/web\/pacto-historico-vs-colombia-humana-en-narino\/embed\/#?secret=8dAmOUfQb8\" width=\"600\" height=\"338\" title=\"\u00ab\u00bfPacto hist\u00f3rico vs. Colombia Humana en Nari\u00f1o?\u00bb \u2014 P\u00e1gina10\" data-secret=\"8dAmOUfQb8\" frameborder=\"0\" marginwidth=\"0\" marginheight=\"0\" scrolling=\"no\" class=\"wp-embedded-content\"><\/iframe><script>\n\/*! This file is auto-generated *\/\n!function(d,l){\"use strict\";l.querySelector&&d.addEventListener&&\"undefined\"!=typeof URL&&(d.wp=d.wp||{},d.wp.receiveEmbedMessage||(d.wp.receiveEmbedMessage=function(e){var t=e.data;if((t||t.secret||t.message||t.value)&&!\/[^a-zA-Z0-9]\/.test(t.secret)){for(var s,r,n,a=l.querySelectorAll('iframe[data-secret=\"'+t.secret+'\"]'),o=l.querySelectorAll('blockquote[data-secret=\"'+t.secret+'\"]'),c=new RegExp(\"^https?:$\",\"i\"),i=0;i<o.length;i++)o[i].style.display=\"none\";for(i=0;i<a.length;i++)s=a[i],e.source===s.contentWindow&&(s.removeAttribute(\"style\"),\"height\"===t.message?(1e3<(r=parseInt(t.value,10))?r=1e3:~~r<200&&(r=200),s.height=r):\"link\"===t.message&&(r=new URL(s.getAttribute(\"src\")),n=new URL(t.value),c.test(n.protocol))&&n.host===r.host&&l.activeElement===s&&(d.top.location.href=t.value))}},d.addEventListener(\"message\",d.wp.receiveEmbedMessage,!1),l.addEventListener(\"DOMContentLoaded\",function(){for(var e,t,s=l.querySelectorAll(\"iframe.wp-embedded-content\"),r=0;r<s.length;r++)(t=(e=s[r]).getAttribute(\"data-secret\"))||(t=Math.random().toString(36).substring(2,12),e.src+=\"#?secret=\"+t,e.setAttribute(\"data-secret\",t)),e.contentWindow.postMessage({message:\"ready\",secret:t},\"*\")},!1)))}(window,document);\n\/\/# sourceURL=https:\/\/pagina10.com\/web\/wp-includes\/js\/wp-embed.min.js\n<\/script>\n","thumbnail_url":"https:\/\/pagina10.com\/web\/wp-content\/uploads\/2021\/09\/Captura-de-Pantalla-2021-09-30-a-las-2.09.52-p.-m..png","thumbnail_width":555,"thumbnail_height":417,"description":"De acuerdo a declaraciones del catedr\u00e1tico y l\u00edder De Colombia Humana \u2013 Humanables en Nari\u00f1o, Heber Santander \u00c1lvarez \u201cHubo un pacto contra la Colombia Humana de quienes estuvieron al frente de los diferentes eventos que gener\u00f3 la visita de Gustavo Petro a Nari\u00f1o\u201d y, en consecuencia, los aislaron de todo contacto con el l\u00edder\u201d, m\u00e1s [&hellip;]"}