{"version":"1.0","provider_name":"P\u00e1gina10","provider_url":"https:\/\/pagina10.com\/web","author_name":"P\u00e1gina 10","author_url":"https:\/\/pagina10.com\/web\/author\/mcepeda\/","title":"Personas sufren escasez de alimentos en Nari\u00f1o | P\u00e1gina10","type":"rich","width":600,"height":338,"html":"<blockquote class=\"wp-embedded-content\" data-secret=\"ReXBkf8jm2\"><a href=\"https:\/\/pagina10.com\/web\/personas-sufren-escasez-de-alimentos-en-narino\/\">Personas sufren escasez de alimentos en Nari\u00f1o<\/a><\/blockquote><iframe sandbox=\"allow-scripts\" security=\"restricted\" src=\"https:\/\/pagina10.com\/web\/personas-sufren-escasez-de-alimentos-en-narino\/embed\/#?secret=ReXBkf8jm2\" width=\"600\" height=\"338\" title=\"\u00abPersonas sufren escasez de alimentos en Nari\u00f1o\u00bb \u2014 P\u00e1gina10\" data-secret=\"ReXBkf8jm2\" frameborder=\"0\" marginwidth=\"0\" marginheight=\"0\" scrolling=\"no\" class=\"wp-embedded-content\"><\/iframe><script>\n\/*! This file is auto-generated *\/\n!function(d,l){\"use strict\";l.querySelector&&d.addEventListener&&\"undefined\"!=typeof URL&&(d.wp=d.wp||{},d.wp.receiveEmbedMessage||(d.wp.receiveEmbedMessage=function(e){var t=e.data;if((t||t.secret||t.message||t.value)&&!\/[^a-zA-Z0-9]\/.test(t.secret)){for(var s,r,n,a=l.querySelectorAll('iframe[data-secret=\"'+t.secret+'\"]'),o=l.querySelectorAll('blockquote[data-secret=\"'+t.secret+'\"]'),c=new RegExp(\"^https?:$\",\"i\"),i=0;i<o.length;i++)o[i].style.display=\"none\";for(i=0;i<a.length;i++)s=a[i],e.source===s.contentWindow&&(s.removeAttribute(\"style\"),\"height\"===t.message?(1e3<(r=parseInt(t.value,10))?r=1e3:~~r<200&&(r=200),s.height=r):\"link\"===t.message&&(r=new URL(s.getAttribute(\"src\")),n=new URL(t.value),c.test(n.protocol))&&n.host===r.host&&l.activeElement===s&&(d.top.location.href=t.value))}},d.addEventListener(\"message\",d.wp.receiveEmbedMessage,!1),l.addEventListener(\"DOMContentLoaded\",function(){for(var e,t,s=l.querySelectorAll(\"iframe.wp-embedded-content\"),r=0;r<s.length;r++)(t=(e=s[r]).getAttribute(\"data-secret\"))||(t=Math.random().toString(36).substring(2,12),e.src+=\"#?secret=\"+t,e.setAttribute(\"data-secret\",t)),e.contentWindow.postMessage({message:\"ready\",secret:t},\"*\")},!1)))}(window,document);\n\/\/# sourceURL=https:\/\/pagina10.com\/web\/wp-includes\/js\/wp-embed.min.js\n<\/script>\n","thumbnail_url":"https:\/\/pagina10.com\/web\/wp-content\/uploads\/2015\/09\/cf24ee82f87908865bc683b9ea44a628.jpg","thumbnail_width":730,"thumbnail_height":487,"description":"La ayuda humanitaria se est\u00e1 distribuyendo en diecisiete camiones entre unas 250 familias de Barbacoas (Nari\u00f1o, suroccidente de Colombia) que han visto restringida su movilidad por la presencia de actores armados en su territorio. M\u00e1s de 170 toneladas de insumos agr\u00edcolas se entregar\u00e1n hasta hoy en cuatro comunidades rurales. &#8220;Organizamos esta operaci\u00f3n humanitaria para aliviar [&hellip;]"}