{"version":"1.0","provider_name":"P\u00e1gina10","provider_url":"https:\/\/pagina10.com\/web","author_name":"P\u00e1gina 10","author_url":"https:\/\/pagina10.com\/web\/author\/pdiezadmin\/","title":"Petro declarar\u00e1 emergencia econ\u00f3mica por La Guajira. | P\u00e1gina10","type":"rich","width":600,"height":338,"html":"<blockquote class=\"wp-embedded-content\" data-secret=\"ujxUtHJYY1\"><a href=\"https:\/\/pagina10.com\/web\/petro-declarara-la-emergencia-economica-por-la-guajira\/\">Petro declarar\u00e1 emergencia econ\u00f3mica por La Guajira.<\/a><\/blockquote><iframe sandbox=\"allow-scripts\" security=\"restricted\" src=\"https:\/\/pagina10.com\/web\/petro-declarara-la-emergencia-economica-por-la-guajira\/embed\/#?secret=ujxUtHJYY1\" width=\"600\" height=\"338\" title=\"\u00abPetro declarar\u00e1 emergencia econ\u00f3mica por La Guajira.\u00bb \u2014 P\u00e1gina10\" data-secret=\"ujxUtHJYY1\" frameborder=\"0\" marginwidth=\"0\" marginheight=\"0\" scrolling=\"no\" class=\"wp-embedded-content\"><\/iframe><script>\n\/*! This file is auto-generated *\/\n!function(d,l){\"use strict\";l.querySelector&&d.addEventListener&&\"undefined\"!=typeof URL&&(d.wp=d.wp||{},d.wp.receiveEmbedMessage||(d.wp.receiveEmbedMessage=function(e){var t=e.data;if((t||t.secret||t.message||t.value)&&!\/[^a-zA-Z0-9]\/.test(t.secret)){for(var s,r,n,a=l.querySelectorAll('iframe[data-secret=\"'+t.secret+'\"]'),o=l.querySelectorAll('blockquote[data-secret=\"'+t.secret+'\"]'),c=new RegExp(\"^https?:$\",\"i\"),i=0;i<o.length;i++)o[i].style.display=\"none\";for(i=0;i<a.length;i++)s=a[i],e.source===s.contentWindow&&(s.removeAttribute(\"style\"),\"height\"===t.message?(1e3<(r=parseInt(t.value,10))?r=1e3:~~r<200&&(r=200),s.height=r):\"link\"===t.message&&(r=new URL(s.getAttribute(\"src\")),n=new URL(t.value),c.test(n.protocol))&&n.host===r.host&&l.activeElement===s&&(d.top.location.href=t.value))}},d.addEventListener(\"message\",d.wp.receiveEmbedMessage,!1),l.addEventListener(\"DOMContentLoaded\",function(){for(var e,t,s=l.querySelectorAll(\"iframe.wp-embedded-content\"),r=0;r<s.length;r++)(t=(e=s[r]).getAttribute(\"data-secret\"))||(t=Math.random().toString(36).substring(2,12),e.src+=\"#?secret=\"+t,e.setAttribute(\"data-secret\",t)),e.contentWindow.postMessage({message:\"ready\",secret:t},\"*\")},!1)))}(window,document);\n\/\/# sourceURL=https:\/\/pagina10.com\/web\/wp-includes\/js\/wp-embed.min.js\n<\/script>\n","thumbnail_url":"https:\/\/pagina10.com\/web\/wp-content\/uploads\/2023\/06\/Playa-Isaashi-Mayapo-La-Guajira-Colombia.jpg","thumbnail_width":1500,"thumbnail_height":1000,"description":"El presidente Gustavo Petro anunci\u00f3 su intenci\u00f3n de declarar la emergencia econ\u00f3mica en el pa\u00eds, con el objetivo de abordar la situaci\u00f3n cr\u00edtica en el departamento de La Guajira. Destac\u00f3 la escasez de agua y la desnutrici\u00f3n infantil como problemas principales en la regi\u00f3n y considera que esta declaraci\u00f3n le permitir\u00eda implementar medidas espec\u00edficas para [&hellip;]"}