{"version":"1.0","provider_name":"P\u00e1gina10","provider_url":"https:\/\/pagina10.com\/web","author_name":"P\u00e1gina 10","author_url":"https:\/\/pagina10.com\/web\/author\/pdiezadmin\/","title":"Primera convocatoria de est\u00edmulos para j\u00f3venes en Pasto | P\u00e1gina10","type":"rich","width":600,"height":338,"html":"<blockquote class=\"wp-embedded-content\" data-secret=\"7QonDPOpMs\"><a href=\"https:\/\/pagina10.com\/web\/primera-convocatoria-de-estimulos-para-jovenes-en-pasto\/\">Primera convocatoria de est\u00edmulos para j\u00f3venes en Pasto<\/a><\/blockquote><iframe sandbox=\"allow-scripts\" security=\"restricted\" src=\"https:\/\/pagina10.com\/web\/primera-convocatoria-de-estimulos-para-jovenes-en-pasto\/embed\/#?secret=7QonDPOpMs\" width=\"600\" height=\"338\" title=\"\u00abPrimera convocatoria de est\u00edmulos para j\u00f3venes en Pasto\u00bb \u2014 P\u00e1gina10\" data-secret=\"7QonDPOpMs\" frameborder=\"0\" marginwidth=\"0\" marginheight=\"0\" scrolling=\"no\" class=\"wp-embedded-content\"><\/iframe><script>\n\/*! This file is auto-generated *\/\n!function(d,l){\"use strict\";l.querySelector&&d.addEventListener&&\"undefined\"!=typeof URL&&(d.wp=d.wp||{},d.wp.receiveEmbedMessage||(d.wp.receiveEmbedMessage=function(e){var t=e.data;if((t||t.secret||t.message||t.value)&&!\/[^a-zA-Z0-9]\/.test(t.secret)){for(var s,r,n,a=l.querySelectorAll('iframe[data-secret=\"'+t.secret+'\"]'),o=l.querySelectorAll('blockquote[data-secret=\"'+t.secret+'\"]'),c=new RegExp(\"^https?:$\",\"i\"),i=0;i<o.length;i++)o[i].style.display=\"none\";for(i=0;i<a.length;i++)s=a[i],e.source===s.contentWindow&&(s.removeAttribute(\"style\"),\"height\"===t.message?(1e3<(r=parseInt(t.value,10))?r=1e3:~~r<200&&(r=200),s.height=r):\"link\"===t.message&&(r=new URL(s.getAttribute(\"src\")),n=new URL(t.value),c.test(n.protocol))&&n.host===r.host&&l.activeElement===s&&(d.top.location.href=t.value))}},d.addEventListener(\"message\",d.wp.receiveEmbedMessage,!1),l.addEventListener(\"DOMContentLoaded\",function(){for(var e,t,s=l.querySelectorAll(\"iframe.wp-embedded-content\"),r=0;r<s.length;r++)(t=(e=s[r]).getAttribute(\"data-secret\"))||(t=Math.random().toString(36).substring(2,12),e.src+=\"#?secret=\"+t,e.setAttribute(\"data-secret\",t)),e.contentWindow.postMessage({message:\"ready\",secret:t},\"*\")},!1)))}(window,document);\n\/\/# sourceURL=https:\/\/pagina10.com\/web\/wp-includes\/js\/wp-embed.min.js\n<\/script>\n","thumbnail_url":"https:\/\/pagina10.com\/web\/wp-content\/uploads\/2021\/11\/WhatsApp-Image-2021-11-26-at-2.49.54-PM.jpeg","thumbnail_width":1280,"thumbnail_height":1280,"description":"La voluntad del Alcalde Germ\u00e1n Chamorro De La Rosa permiti\u00f3 la destinaci\u00f3n de m\u00e1s de 250 millones de pesos para la primera Convocatoria de Est\u00edmulos para la poblaci\u00f3n joven de la capital nari\u00f1ense. Esta invitaci\u00f3n est\u00e1 dirigida a las personas entre los 14 y 28 a\u00f1os, grupos constituidos y personas jur\u00eddicas domiciliadas en el Municipio [&hellip;]"}