{"version":"1.0","provider_name":"P\u00e1gina10","provider_url":"https:\/\/pagina10.com\/web","author_name":"P\u00e1gina 10","author_url":"https:\/\/pagina10.com\/web\/author\/pdiezadmin\/","title":"Procuradur\u00eda levant\u00f3 suspensi\u00f3n temporal del alcalde de Medell\u00edn | P\u00e1gina10","type":"rich","width":600,"height":338,"html":"<blockquote class=\"wp-embedded-content\" data-secret=\"cL6d1V0Qa9\"><a href=\"https:\/\/pagina10.com\/web\/procuraduria-levanto-suspension-temporal-del-alcalde-de-medellin\/\">Procuradur\u00eda levant\u00f3 suspensi\u00f3n temporal del alcalde de Medell\u00edn<\/a><\/blockquote><iframe sandbox=\"allow-scripts\" security=\"restricted\" src=\"https:\/\/pagina10.com\/web\/procuraduria-levanto-suspension-temporal-del-alcalde-de-medellin\/embed\/#?secret=cL6d1V0Qa9\" width=\"600\" height=\"338\" title=\"\u00abProcuradur\u00eda levant\u00f3 suspensi\u00f3n temporal del alcalde de Medell\u00edn\u00bb \u2014 P\u00e1gina10\" data-secret=\"cL6d1V0Qa9\" frameborder=\"0\" marginwidth=\"0\" marginheight=\"0\" scrolling=\"no\" class=\"wp-embedded-content\"><\/iframe><script>\n\/*! This file is auto-generated *\/\n!function(d,l){\"use strict\";l.querySelector&&d.addEventListener&&\"undefined\"!=typeof URL&&(d.wp=d.wp||{},d.wp.receiveEmbedMessage||(d.wp.receiveEmbedMessage=function(e){var t=e.data;if((t||t.secret||t.message||t.value)&&!\/[^a-zA-Z0-9]\/.test(t.secret)){for(var s,r,n,a=l.querySelectorAll('iframe[data-secret=\"'+t.secret+'\"]'),o=l.querySelectorAll('blockquote[data-secret=\"'+t.secret+'\"]'),c=new RegExp(\"^https?:$\",\"i\"),i=0;i<o.length;i++)o[i].style.display=\"none\";for(i=0;i<a.length;i++)s=a[i],e.source===s.contentWindow&&(s.removeAttribute(\"style\"),\"height\"===t.message?(1e3<(r=parseInt(t.value,10))?r=1e3:~~r<200&&(r=200),s.height=r):\"link\"===t.message&&(r=new URL(s.getAttribute(\"src\")),n=new URL(t.value),c.test(n.protocol))&&n.host===r.host&&l.activeElement===s&&(d.top.location.href=t.value))}},d.addEventListener(\"message\",d.wp.receiveEmbedMessage,!1),l.addEventListener(\"DOMContentLoaded\",function(){for(var e,t,s=l.querySelectorAll(\"iframe.wp-embedded-content\"),r=0;r<s.length;r++)(t=(e=s[r]).getAttribute(\"data-secret\"))||(t=Math.random().toString(36).substring(2,12),e.src+=\"#?secret=\"+t,e.setAttribute(\"data-secret\",t)),e.contentWindow.postMessage({message:\"ready\",secret:t},\"*\")},!1)))}(window,document);\n\/\/# sourceURL=https:\/\/pagina10.com\/web\/wp-includes\/js\/wp-embed.min.js\n<\/script>\n","thumbnail_url":"https:\/\/pagina10.com\/web\/wp-content\/uploads\/2022\/06\/Piden-que-se-respete-el-fallo-de-la-CIDH-1-758x426-1.jpg","thumbnail_width":758,"thumbnail_height":426,"description":"Despu\u00e9s de la jornada de elecciones, la procuradora Margarita Cabello Blanco, determin\u00f3 levantar la medida contra el mandatario de la capital antioque\u00f1a quien habr\u00eda incurrido en participaci\u00f3n pol\u00edtica indebida al demostrar su presunto apoyo al entonces candidato y hoy presidente electo Gustavo Petro. \u201cEl se\u00f1or Quintero Calle seguir\u00e1 vinculado al proceso de investigaci\u00f3n, como sucede [&hellip;]"}