{"version":"1.0","provider_name":"P\u00e1gina10","provider_url":"https:\/\/pagina10.com\/web","author_name":"Pablo Emilio Obando Acosta","author_url":"https:\/\/pagina10.com\/web\/author\/pobando\/","title":"Repudio a asesinato de l\u00edder ind\u00edgena Aw\u00e1. | P\u00e1gina10","type":"rich","width":600,"height":338,"html":"<blockquote class=\"wp-embedded-content\" data-secret=\"ivK7lTyf5P\"><a href=\"https:\/\/pagina10.com\/web\/repudio-a-asesinato-de-lider-indigena-awa\/\">Repudio a asesinato de l\u00edder ind\u00edgena Aw\u00e1.<\/a><\/blockquote><iframe sandbox=\"allow-scripts\" security=\"restricted\" src=\"https:\/\/pagina10.com\/web\/repudio-a-asesinato-de-lider-indigena-awa\/embed\/#?secret=ivK7lTyf5P\" width=\"600\" height=\"338\" title=\"\u00abRepudio a asesinato de l\u00edder ind\u00edgena Aw\u00e1.\u00bb \u2014 P\u00e1gina10\" data-secret=\"ivK7lTyf5P\" frameborder=\"0\" marginwidth=\"0\" marginheight=\"0\" scrolling=\"no\" class=\"wp-embedded-content\"><\/iframe><script>\n\/*! This file is auto-generated *\/\n!function(d,l){\"use strict\";l.querySelector&&d.addEventListener&&\"undefined\"!=typeof URL&&(d.wp=d.wp||{},d.wp.receiveEmbedMessage||(d.wp.receiveEmbedMessage=function(e){var t=e.data;if((t||t.secret||t.message||t.value)&&!\/[^a-zA-Z0-9]\/.test(t.secret)){for(var s,r,n,a=l.querySelectorAll('iframe[data-secret=\"'+t.secret+'\"]'),o=l.querySelectorAll('blockquote[data-secret=\"'+t.secret+'\"]'),c=new RegExp(\"^https?:$\",\"i\"),i=0;i<o.length;i++)o[i].style.display=\"none\";for(i=0;i<a.length;i++)s=a[i],e.source===s.contentWindow&&(s.removeAttribute(\"style\"),\"height\"===t.message?(1e3<(r=parseInt(t.value,10))?r=1e3:~~r<200&&(r=200),s.height=r):\"link\"===t.message&&(r=new URL(s.getAttribute(\"src\")),n=new URL(t.value),c.test(n.protocol))&&n.host===r.host&&l.activeElement===s&&(d.top.location.href=t.value))}},d.addEventListener(\"message\",d.wp.receiveEmbedMessage,!1),l.addEventListener(\"DOMContentLoaded\",function(){for(var e,t,s=l.querySelectorAll(\"iframe.wp-embedded-content\"),r=0;r<s.length;r++)(t=(e=s[r]).getAttribute(\"data-secret\"))||(t=Math.random().toString(36).substring(2,12),e.src+=\"#?secret=\"+t,e.setAttribute(\"data-secret\",t)),e.contentWindow.postMessage({message:\"ready\",secret:t},\"*\")},!1)))}(window,document);\n\/\/# sourceURL=https:\/\/pagina10.com\/web\/wp-includes\/js\/wp-embed.min.js\n<\/script>\n","thumbnail_url":"https:\/\/pagina10.com\/web\/wp-content\/uploads\/2022\/08\/Captura-de-Pantalla-2022-08-05-a-las-8.37.47-p.-m..png","thumbnail_width":614,"thumbnail_height":385,"description":"&#8220;Mar\u00eda Ver\u00f3nica Pai Cabeza era parte del resguardo ind\u00edgena Piguambi Palangala de la comunidad Aw\u00e1. Fue asesinada con cinco disparos y su cuerpo fue posteriormente abandonado en la v\u00eda p\u00fablica de la vereda Vaquer\u00edo, corregimiento de Llorente, con lo cual se impidi\u00f3 que la comunidad la auxiliara. Ten\u00eda seis meses de embarazo cuando la asesinaron [&hellip;]"}