{"version":"1.0","provider_name":"P\u00e1gina10","provider_url":"https:\/\/pagina10.com\/web","author_name":"P\u00e1gina 10","author_url":"https:\/\/pagina10.com\/web\/author\/pdiezadmin\/","title":"Se lanza la campa\u00f1a \"\u2018Nari\u00f1o brilla sin p\u00f3lvora\" | P\u00e1gina10","type":"rich","width":600,"height":338,"html":"<blockquote class=\"wp-embedded-content\" data-secret=\"lFz4bkHe82\"><a href=\"https:\/\/pagina10.com\/web\/se-lanza-la-campana-narino-brilla-sin-polvora\/\">Se lanza la campa\u00f1a &#8220;\u2018Nari\u00f1o brilla sin p\u00f3lvora&#8221;<\/a><\/blockquote><iframe sandbox=\"allow-scripts\" security=\"restricted\" src=\"https:\/\/pagina10.com\/web\/se-lanza-la-campana-narino-brilla-sin-polvora\/embed\/#?secret=lFz4bkHe82\" width=\"600\" height=\"338\" title=\"\u00abSe lanza la campa\u00f1a &#8220;\u2018Nari\u00f1o brilla sin p\u00f3lvora&#8221;\u00bb \u2014 P\u00e1gina10\" data-secret=\"lFz4bkHe82\" frameborder=\"0\" marginwidth=\"0\" marginheight=\"0\" scrolling=\"no\" class=\"wp-embedded-content\"><\/iframe><script>\n\/*! This file is auto-generated *\/\n!function(d,l){\"use strict\";l.querySelector&&d.addEventListener&&\"undefined\"!=typeof URL&&(d.wp=d.wp||{},d.wp.receiveEmbedMessage||(d.wp.receiveEmbedMessage=function(e){var t=e.data;if((t||t.secret||t.message||t.value)&&!\/[^a-zA-Z0-9]\/.test(t.secret)){for(var s,r,n,a=l.querySelectorAll('iframe[data-secret=\"'+t.secret+'\"]'),o=l.querySelectorAll('blockquote[data-secret=\"'+t.secret+'\"]'),c=new RegExp(\"^https?:$\",\"i\"),i=0;i<o.length;i++)o[i].style.display=\"none\";for(i=0;i<a.length;i++)s=a[i],e.source===s.contentWindow&&(s.removeAttribute(\"style\"),\"height\"===t.message?(1e3<(r=parseInt(t.value,10))?r=1e3:~~r<200&&(r=200),s.height=r):\"link\"===t.message&&(r=new URL(s.getAttribute(\"src\")),n=new URL(t.value),c.test(n.protocol))&&n.host===r.host&&l.activeElement===s&&(d.top.location.href=t.value))}},d.addEventListener(\"message\",d.wp.receiveEmbedMessage,!1),l.addEventListener(\"DOMContentLoaded\",function(){for(var e,t,s=l.querySelectorAll(\"iframe.wp-embedded-content\"),r=0;r<s.length;r++)(t=(e=s[r]).getAttribute(\"data-secret\"))||(t=Math.random().toString(36).substring(2,12),e.src+=\"#?secret=\"+t,e.setAttribute(\"data-secret\",t)),e.contentWindow.postMessage({message:\"ready\",secret:t},\"*\")},!1)))}(window,document);\n\/\/# sourceURL=https:\/\/pagina10.com\/web\/wp-includes\/js\/wp-embed.min.js\n<\/script>\n","thumbnail_url":"https:\/\/pagina10.com\/web\/wp-content\/uploads\/2021\/11\/Aumentan-las-quejas-por-quema-de-polvora-en-Envigado-1280x720-1.jpg","thumbnail_width":1280,"thumbnail_height":720,"description":"Con la llegada de fin de a\u00f1o, comienzan a aparecer las cifras mas altas de quemados con p\u00f3lvora en el departamento de Nari\u00f1o es por eso que hoy se lanza la campa\u00f1a \u2018Nari\u00f1o brilla sin p\u00f3lvora. Guardianes de la vida\u2019, campa\u00f1a institucional generada desde el Comit\u00e9 Departamental de Prevenci\u00f3n de Lesionados por P\u00f3lvora, con el [&hellip;]"}