{"version":"1.0","provider_name":"P\u00e1gina10","provider_url":"https:\/\/pagina10.com\/web","author_name":"P\u00e1gina 10","author_url":"https:\/\/pagina10.com\/web\/author\/pdiezadmin\/","title":"Un nari\u00f1ense es el nuevo Consejero de Estado | P\u00e1gina10","type":"rich","width":600,"height":338,"html":"<blockquote class=\"wp-embedded-content\" data-secret=\"NI2uUBaAET\"><a href=\"https:\/\/pagina10.com\/web\/un-narinense-es-el-nuevo-consejero-de-estado\/\">Un nari\u00f1ense es el nuevo Consejero de Estado<\/a><\/blockquote><iframe sandbox=\"allow-scripts\" security=\"restricted\" src=\"https:\/\/pagina10.com\/web\/un-narinense-es-el-nuevo-consejero-de-estado\/embed\/#?secret=NI2uUBaAET\" width=\"600\" height=\"338\" title=\"\u00abUn nari\u00f1ense es el nuevo Consejero de Estado\u00bb \u2014 P\u00e1gina10\" data-secret=\"NI2uUBaAET\" frameborder=\"0\" marginwidth=\"0\" marginheight=\"0\" scrolling=\"no\" class=\"wp-embedded-content\"><\/iframe><script>\n\/*! This file is auto-generated *\/\n!function(d,l){\"use strict\";l.querySelector&&d.addEventListener&&\"undefined\"!=typeof URL&&(d.wp=d.wp||{},d.wp.receiveEmbedMessage||(d.wp.receiveEmbedMessage=function(e){var t=e.data;if((t||t.secret||t.message||t.value)&&!\/[^a-zA-Z0-9]\/.test(t.secret)){for(var s,r,n,a=l.querySelectorAll('iframe[data-secret=\"'+t.secret+'\"]'),o=l.querySelectorAll('blockquote[data-secret=\"'+t.secret+'\"]'),c=new RegExp(\"^https?:$\",\"i\"),i=0;i<o.length;i++)o[i].style.display=\"none\";for(i=0;i<a.length;i++)s=a[i],e.source===s.contentWindow&&(s.removeAttribute(\"style\"),\"height\"===t.message?(1e3<(r=parseInt(t.value,10))?r=1e3:~~r<200&&(r=200),s.height=r):\"link\"===t.message&&(r=new URL(s.getAttribute(\"src\")),n=new URL(t.value),c.test(n.protocol))&&n.host===r.host&&l.activeElement===s&&(d.top.location.href=t.value))}},d.addEventListener(\"message\",d.wp.receiveEmbedMessage,!1),l.addEventListener(\"DOMContentLoaded\",function(){for(var e,t,s=l.querySelectorAll(\"iframe.wp-embedded-content\"),r=0;r<s.length;r++)(t=(e=s[r]).getAttribute(\"data-secret\"))||(t=Math.random().toString(36).substring(2,12),e.src+=\"#?secret=\"+t,e.setAttribute(\"data-secret\",t)),e.contentWindow.postMessage({message:\"ready\",secret:t},\"*\")},!1)))}(window,document);\n\/\/# sourceURL=https:\/\/pagina10.com\/web\/wp-includes\/js\/wp-embed.min.js\n<\/script>\n","thumbnail_url":"https:\/\/pagina10.com\/web\/wp-content\/uploads\/2021\/07\/20210707_221951.jpg","thumbnail_width":911,"thumbnail_height":511,"description":"Este mi\u00e9rcoles en la Sala Plena del Consejo de Estado, fue elegido el jurista nari\u00f1ense Fredy Ibarra Mart\u00ednez, como nuevo magistrado de la Secci\u00f3n Tercera del alto tribunal. Fredy Ibarra Mart\u00ednez, es un reconocido abogado y especialista en derecho administrativo de la Universidad de Nari\u00f1o y en Instituciones Jur\u00eddico Pol\u00edticas y Derecho P\u00fablico de la [&hellip;]"}